{"id":1264,"date":"2022-02-18T11:24:18","date_gmt":"2022-02-18T10:24:18","guid":{"rendered":"https:\/\/lag.gtpccgalaxie.de\/ueber-lag\/"},"modified":"2026-04-10T15:47:30","modified_gmt":"2026-04-10T13:47:30","slug":"ueber-lag","status":"publish","type":"page","link":"https:\/\/info.logistics-alliance-germany.de\/de\/ueber-lag\/","title":{"rendered":"\u00dcber LAG"},"content":{"rendered":"<p>[et_pb_section fb_built=&#8220;1&#8243; _builder_version=&#8220;4.27.6&#8243; _module_preset=&#8220;default&#8220; background_video_mp4=&#8220;https:\/\/info.logistics-alliance-germany.de\/wp-content\/uploads\/2022\/07\/logistics-alliance-germany-desktop.mp4&#8243; background_video_webm=&#8220;https:\/\/info.logistics-alliance-germany.de\/wp-content\/uploads\/2022\/07\/logistics-alliance-germany-desktop.webm&#8220; height=&#8220;600px&#8220; global_colors_info=&#8220;{}&#8220; theme_builder_area=&#8220;post_content&#8220;][\/et_pb_section][et_pb_section fb_built=&#8220;1&#8243; specialty=&#8220;on&#8220; _builder_version=&#8220;4.27.6&#8243; _module_preset=&#8220;default&#8220; global_colors_info=&#8220;{}&#8220; theme_builder_area=&#8220;post_content&#8220;][et_pb_column type=&#8220;1_3&#8243; _builder_version=&#8220;4.16&#8243; custom_padding=&#8220;|||&#8220; global_colors_info=&#8220;{}&#8220; custom_padding__hover=&#8220;|||&#8220; theme_builder_area=&#8220;post_content&#8220;][et_pb_text _builder_version=&#8220;4.27.6&#8243; _module_preset=&#8220;default&#8220; global_colors_info=&#8220;{}&#8220; theme_builder_area=&#8220;post_content&#8220;]<\/p>\n<h1>\u00dcber die Logistics Alliance Germany<\/h1>\n<p>[\/et_pb_text][\/et_pb_column][et_pb_column type=&#8220;2_3&#8243; specialty_columns=&#8220;2&#8243; _builder_version=&#8220;4.16&#8243; custom_padding=&#8220;|||&#8220; global_colors_info=&#8220;{}&#8220; custom_padding__hover=&#8220;|||&#8220; theme_builder_area=&#8220;post_content&#8220;][et_pb_row_inner _builder_version=&#8220;4.27.6&#8243; _module_preset=&#8220;default&#8220; hover_enabled=&#8220;0&#8243; global_colors_info=&#8220;{}&#8220; theme_builder_area=&#8220;post_content&#8220; custom_padding_last_edited=&#8220;on|phone&#8220; custom_padding_phone=&#8220;0px||0px||true|false&#8220; sticky_enabled=&#8220;0&#8243;][et_pb_column_inner saved_specialty_column_type=&#8220;2_3&#8243; _builder_version=&#8220;4.27.6&#8243; _module_preset=&#8220;default&#8220; global_colors_info=&#8220;{}&#8220; theme_builder_area=&#8220;post_content&#8220;][et_pb_text _builder_version=&#8220;4.27.6&#8243; _module_preset=&#8220;default&#8220; text_font_size=&#8220;1.2em&#8220; custom_margin=&#8220;||||false|false&#8220; custom_padding=&#8220;||||false|false&#8220; global_colors_info=&#8220;{}&#8220; theme_builder_area=&#8220;post_content&#8220;]<\/p>\n<p>Die Logistics Alliance Germany ist ein Zusammenschluss der deutschen Logistikbranche. Ziel der Allianz ist es, im Ausland f\u00fcr den Logistikstandort Deutschland zu werben und \u00fcber das Leistungsverm\u00f6gen der deutschen Logistikwirtschaft zu informieren.<\/p>\n<p><\/p>\n<p>Die zentrale Lage in Europa, eine hervorragende Infrastruktur, kompetente Logistikdienstleister und jede Menge logistisches Know-how machen Deutschland zu einem attraktiven Ausgangspunkt f\u00fcr einen Markteintritt auf dem europ\u00e4ischen Kontinent mit seinen potenziellen 250 Millionen Kunden.<\/p>\n<p><\/p>\n<p>Dem \u00bbLogistics Alliance Germany e.V.\u00ab haben sich Unternehmen der Logistikwirtschaft angeschlossen, um Deutschland ins Interesse m\u00f6glicher Gesch\u00e4ftspartner aus dem Ausland zu r\u00fccken. Die Mitglieder beteiligen sich an Messeauftritten und Kongressen im In- und Ausland. Sie wirken an Fachveranstaltungen mit und begleiten Delegationsreisen.<\/p>\n<p>[\/et_pb_text][\/et_pb_column_inner][\/et_pb_row_inner][et_pb_row_inner column_structure=&#8220;1_3,1_3,1_3&#8243; _builder_version=&#8220;4.27.6&#8243; _module_preset=&#8220;default&#8220; hover_enabled=&#8220;0&#8243; global_colors_info=&#8220;{}&#8220; theme_builder_area=&#8220;post_content&#8220; custom_padding_last_edited=&#8220;on|phone&#8220; custom_padding_phone=&#8220;||0px||false|false&#8220; sticky_enabled=&#8220;0&#8243;][et_pb_column_inner type=&#8220;1_3&#8243; saved_specialty_column_type=&#8220;2_3&#8243; _builder_version=&#8220;4.27.6&#8243; _module_preset=&#8220;default&#8220; global_colors_info=&#8220;{}&#8220; theme_builder_area=&#8220;post_content&#8220;][et_pb_button button_url=&#8220;@ET-DC@eyJkeW5hbWljIjp0cnVlLCJjb250ZW50IjoicG9zdF9saW5rX3VybF9wYWdlIiwic2V0dGluZ3MiOnsicG9zdF9pZCI6IjI4MTIifX0=@&#8220; button_text=&#8220;Kontakt&#8220; button_alignment=&#8220;center&#8220; _builder_version=&#8220;4.27.6&#8243; _dynamic_attributes=&#8220;button_url&#8220; _module_preset=&#8220;default&#8220; global_colors_info=&#8220;{}&#8220; theme_builder_area=&#8220;post_content&#8220;][\/et_pb_button][\/et_pb_column_inner][et_pb_column_inner type=&#8220;1_3&#8243; saved_specialty_column_type=&#8220;2_3&#8243; _builder_version=&#8220;4.27.6&#8243; _module_preset=&#8220;default&#8220; global_colors_info=&#8220;{}&#8220; theme_builder_area=&#8220;post_content&#8220;][et_pb_button button_text=&#8220;Mitglied werden&#8220; button_alignment=&#8220;center&#8220; _builder_version=&#8220;4.27.6&#8243; _module_preset=&#8220;default&#8220; hover_enabled=&#8220;0&#8243; global_colors_info=&#8220;{}&#8220; theme_builder_area=&#8220;post_content&#8220; button_url=&#8220;https:\/\/info.logistics-alliance-germany.de\/de\/mitglieder\/&#8220; sticky_enabled=&#8220;0&#8243;][\/et_pb_button][\/et_pb_column_inner][et_pb_column_inner type=&#8220;1_3&#8243; saved_specialty_column_type=&#8220;2_3&#8243; _builder_version=&#8220;4.27.6&#8243; _module_preset=&#8220;default&#8220; global_colors_info=&#8220;{}&#8220; theme_builder_area=&#8220;post_content&#8220;][et_pb_button button_url=&#8220;https:\/\/www.linkedin.com\/company\/lag-ev\/&#8220; url_new_window=&#8220;on&#8220; button_text=&#8220;Folgen Sie uns!&#8220; button_alignment=&#8220;center&#8220; _builder_version=&#8220;4.27.6&#8243; _module_preset=&#8220;default&#8220; button_use_icon=&#8220;on&#8220; button_icon=&#8220;&#xf08c;||fa||400&#8243; button_icon_color=&#8220;#027ad1&#8243; button_on_hover=&#8220;off&#8220; global_colors_info=&#8220;{}&#8220; theme_builder_area=&#8220;post_content&#8220;][\/et_pb_button][\/et_pb_column_inner][\/et_pb_row_inner][\/et_pb_column][\/et_pb_section][et_pb_section fb_built=&#8220;1&#8243; module_id=&#8220;vorstand&#8220; _builder_version=&#8220;4.27.6&#8243; _module_preset=&#8220;default&#8220; background_color=&#8220;#D8CFA3&#8243; hover_enabled=&#8220;0&#8243; global_colors_info=&#8220;{}&#8220; theme_builder_area=&#8220;post_content&#8220; custom_padding_last_edited=&#8220;on|phone&#8220; custom_padding_phone=&#8220;||0px||false|false&#8220; sticky_enabled=&#8220;0&#8243;][et_pb_row _builder_version=&#8220;4.27.6&#8243; _module_preset=&#8220;default&#8220; hover_enabled=&#8220;0&#8243; global_colors_info=&#8220;{}&#8220; theme_builder_area=&#8220;post_content&#8220; custom_padding_last_edited=&#8220;on|phone&#8220; custom_padding_phone=&#8220;0px||0px||true|false&#8220; sticky_enabled=&#8220;0&#8243;][et_pb_column type=&#8220;4_4&#8243; _builder_version=&#8220;4.27.6&#8243; _module_preset=&#8220;default&#8220; global_colors_info=&#8220;{}&#8220; theme_builder_area=&#8220;post_content&#8220;][et_pb_text _builder_version=&#8220;4.27.6&#8243; _module_preset=&#8220;7e40ede3-9532-44be-b369-21423fc75bd6&#8243; global_colors_info=&#8220;{}&#8220; theme_builder_area=&#8220;post_content&#8220;]<\/p>\n<h2>Vorstand<\/h2>\n<p>[\/et_pb_text][\/et_pb_column][\/et_pb_row][et_pb_row column_structure=&#8220;1_3,1_3,1_3&#8243; _builder_version=&#8220;4.27.6&#8243; _module_preset=&#8220;default&#8220; hover_enabled=&#8220;0&#8243; global_colors_info=&#8220;{}&#8220; theme_builder_area=&#8220;post_content&#8220; module_class=&#8220;tablet-three-cols phone-three-cols&#8220; sticky_enabled=&#8220;0&#8243; custom_padding_last_edited=&#8220;on|phone&#8220;][et_pb_column type=&#8220;1_3&#8243; _builder_version=&#8220;4.27.6&#8243; _module_preset=&#8220;default&#8220; global_colors_info=&#8220;{}&#8220; theme_builder_area=&#8220;post_content&#8220;][et_pb_blurb title=&#8220;Marc Oedekoven&#8220; image=&#8220;https:\/\/info.logistics-alliance-germany.de\/wp-content\/uploads\/2026\/04\/Marc-Oedekoven-LAG-Chairman.png&#8220; image_icon_width=&#8220;250px&#8220; _builder_version=&#8220;4.27.6&#8243; _module_preset=&#8220;default&#8220; text_orientation=&#8220;center&#8220; hover_enabled=&#8220;0&#8243; global_colors_info=&#8220;{}&#8220; theme_builder_area=&#8220;post_content&#8220; image_icon_width_last_edited=&#8220;on|phone&#8220; image_icon_width_phone=&#8220;100%&#8220; sticky_enabled=&#8220;0&#8243; image_icon_width_tablet=&#8220;100%&#8220; header_font_size_last_edited=&#8220;on|phone&#8220; header_font_size_phone=&#8220;15px&#8220; body_font_size_last_edited=&#8220;on|phone&#8220; body_font_size_phone=&#8220;11px&#8220;]<\/p>\n<p>Vorsitzender<\/p>\n<p>[\/et_pb_blurb][\/et_pb_column][et_pb_column type=&#8220;1_3&#8243; _builder_version=&#8220;4.27.6&#8243; _module_preset=&#8220;default&#8220; global_colors_info=&#8220;{}&#8220; theme_builder_area=&#8220;post_content&#8220;][et_pb_blurb title=&#8220;Dr. Frank Albers&#8220; image=&#8220;https:\/\/info.logistics-alliance-germany.de\/wp-content\/uploads\/2026\/04\/Dr-Frank-Albers-LAG-Deputy-Chairman.png&#8220; image_icon_width=&#8220;250px&#8220; _builder_version=&#8220;4.27.6&#8243; _module_preset=&#8220;default&#8220; text_orientation=&#8220;center&#8220; hover_enabled=&#8220;0&#8243; global_colors_info=&#8220;{}&#8220; theme_builder_area=&#8220;post_content&#8220; image_icon_width_last_edited=&#8220;on|phone&#8220; sticky_enabled=&#8220;0&#8243; image_icon_width_tablet=&#8220;100%&#8220; header_font_size_last_edited=&#8220;on|phone&#8220; header_font_size_phone=&#8220;15px&#8220; body_font_size_last_edited=&#8220;on|phone&#8220; body_font_size_phone=&#8220;11px&#8220; image_icon_width_phone=&#8220;100%&#8220;]<\/p>\n<p>Stellvertretender Vorsitzender<\/p>\n<p>[\/et_pb_blurb][\/et_pb_column][et_pb_column type=&#8220;1_3&#8243; _builder_version=&#8220;4.27.6&#8243; _module_preset=&#8220;default&#8220; global_colors_info=&#8220;{}&#8220; theme_builder_area=&#8220;post_content&#8220;][et_pb_blurb title=&#8220;Holger Dechant&#8220; image=&#8220;https:\/\/info.logistics-alliance-germany.de\/wp-content\/uploads\/2026\/04\/Holger-Dechant-LAG-Deputy-Chairman.png&#8220; image_icon_width=&#8220;250px&#8220; _builder_version=&#8220;4.27.6&#8243; _module_preset=&#8220;default&#8220; text_orientation=&#8220;center&#8220; hover_enabled=&#8220;0&#8243; global_colors_info=&#8220;{}&#8220; theme_builder_area=&#8220;post_content&#8220; sticky_enabled=&#8220;0&#8243; image_icon_width_last_edited=&#8220;on|phone&#8220; image_icon_width_tablet=&#8220;100%&#8220; header_font_size_last_edited=&#8220;on|phone&#8220; header_font_size_phone=&#8220;15px&#8220; body_font_size_last_edited=&#8220;on|phone&#8220; body_font_size_phone=&#8220;11px&#8220; image_icon_width_phone=&#8220;100%&#8220;]<\/p>\n<p>Stellvertretender Vorsitzender<\/p>\n<p>[\/et_pb_blurb][\/et_pb_column][\/et_pb_row][\/et_pb_section][et_pb_section fb_built=&#8220;1&#8243; specialty=&#8220;on&#8220; _builder_version=&#8220;4.27.6&#8243; _module_preset=&#8220;default&#8220; global_colors_info=&#8220;{}&#8220; theme_builder_area=&#8220;post_content&#8220;][et_pb_column type=&#8220;1_3&#8243; _builder_version=&#8220;4.16&#8243; custom_padding=&#8220;|||&#8220; global_colors_info=&#8220;{}&#8220; custom_padding__hover=&#8220;|||&#8220; theme_builder_area=&#8220;post_content&#8220;][et_pb_image src=&#8220;https:\/\/info.logistics-alliance-germany.de\/wp-content\/uploads\/2023\/05\/Germany-iStock.jpg&#8220; title_text=&#8220;Germany&#8220; align=&#8220;center&#8220; _builder_version=&#8220;4.27.6&#8243; _module_preset=&#8220;default&#8220; global_colors_info=&#8220;{}&#8220; theme_builder_area=&#8220;post_content&#8220;][\/et_pb_image][\/et_pb_column][et_pb_column type=&#8220;2_3&#8243; specialty_columns=&#8220;2&#8243; _builder_version=&#8220;4.16&#8243; custom_padding=&#8220;|||&#8220; global_colors_info=&#8220;{}&#8220; custom_padding__hover=&#8220;|||&#8220; theme_builder_area=&#8220;post_content&#8220;][et_pb_row_inner _builder_version=&#8220;4.27.6&#8243; _module_preset=&#8220;default&#8220; custom_padding=&#8220;45px||0px|||&#8220; hover_enabled=&#8220;0&#8243; global_colors_info=&#8220;{}&#8220; theme_builder_area=&#8220;post_content&#8220; custom_padding_last_edited=&#8220;on|phone&#8220; custom_padding_phone=&#8220;0px||0px||false|false&#8220; sticky_enabled=&#8220;0&#8243; custom_padding_tablet=&#8220;45px||0px|||&#8220;][et_pb_column_inner saved_specialty_column_type=&#8220;2_3&#8243; _builder_version=&#8220;4.16&#8243; _module_preset=&#8220;default&#8220; global_colors_info=&#8220;{}&#8220; theme_builder_area=&#8220;post_content&#8220;][et_pb_text _builder_version=&#8220;4.27.6&#8243; _module_preset=&#8220;default&#8220; text_font=&#8220;Work Sans|800|||||||&#8220; text_font_size=&#8220;1.5em&#8220; global_colors_info=&#8220;{}&#8220; theme_builder_area=&#8220;post_content&#8220;]<\/p>\n<p>Die deutsche Infrastruktur bietet mehr als &#8230;<\/p>\n<p>[\/et_pb_text][\/et_pb_column_inner][\/et_pb_row_inner][et_pb_row_inner column_structure=&#8220;1_3,1_3,1_3&#8243; custom_padding_last_edited=&#8220;on|phone&#8220; module_class=&#8220;tablet-three-cols phone-three-cols &#8220; _builder_version=&#8220;4.20.2&#8243; _module_preset=&#8220;default&#8220; width_tablet=&#8220;&#8220; width_phone=&#8220;100%&#8220; width_last_edited=&#8220;on|phone&#8220; custom_margin=&#8220;||||false|false&#8220; custom_margin_tablet=&#8220;0px||||false|false&#8220; custom_margin_phone=&#8220;0px||0px||false|false&#8220; custom_margin_last_edited=&#8220;on|tablet&#8220; custom_padding_tablet=&#8220;&#8220; custom_padding_phone=&#8220;||0px||false|false&#8220; global_colors_info=&#8220;{}&#8220; theme_builder_area=&#8220;post_content&#8220;][et_pb_column_inner type=&#8220;1_3&#8243; saved_specialty_column_type=&#8220;2_3&#8243; _builder_version=&#8220;4.16&#8243; _module_preset=&#8220;default&#8220; global_colors_info=&#8220;{}&#8220; theme_builder_area=&#8220;post_content&#8220;][et_pb_number_counter title=&#8220;Seeh\u00e4fen&#8220; number=&#8220;60&#8243; percent_sign=&#8220;off&#8220; _builder_version=&#8220;4.16&#8243; _module_preset=&#8220;default&#8220; title_font=&#8220;Work Sans|800|||||||&#8220; title_text_color=&#8220;#000000&#8243; number_font=&#8220;Work Sans|800|||||||&#8220; number_text_color=&#8220;#D8CFA3&#8243; number_font_size=&#8220;60px&#8220; number_line_height=&#8220;90px&#8220; global_colors_info=&#8220;{}&#8220; theme_builder_area=&#8220;post_content&#8220;][\/et_pb_number_counter][\/et_pb_column_inner][et_pb_column_inner type=&#8220;1_3&#8243; saved_specialty_column_type=&#8220;2_3&#8243; _builder_version=&#8220;4.16&#8243; _module_preset=&#8220;default&#8220; global_colors_info=&#8220;{}&#8220; theme_builder_area=&#8220;post_content&#8220;][et_pb_number_counter title=&#8220;Binnenh\u00e4fen&#8220; number=&#8220;70&#8243; percent_sign=&#8220;off&#8220; _builder_version=&#8220;4.16&#8243; _module_preset=&#8220;default&#8220; title_font=&#8220;Work Sans|800|||||||&#8220; title_text_color=&#8220;#000000&#8243; number_font=&#8220;Work Sans|800|||||||&#8220; number_text_color=&#8220;#D8CFA3&#8243; number_font_size=&#8220;60px&#8220; number_line_height=&#8220;90px&#8220; global_colors_info=&#8220;{}&#8220; theme_builder_area=&#8220;post_content&#8220;][\/et_pb_number_counter][\/et_pb_column_inner][et_pb_column_inner type=&#8220;1_3&#8243; saved_specialty_column_type=&#8220;2_3&#8243; _builder_version=&#8220;4.16&#8243; _module_preset=&#8220;default&#8220; global_colors_info=&#8220;{}&#8220; theme_builder_area=&#8220;post_content&#8220;][et_pb_number_counter title=&#8220;Frachtflugh\u00e4fen&#8220; number=&#8220;20&#8243; percent_sign=&#8220;off&#8220; _builder_version=&#8220;4.16&#8243; _module_preset=&#8220;default&#8220; title_font=&#8220;Work Sans|800|||||||&#8220; title_text_color=&#8220;#000000&#8243; number_font=&#8220;Work Sans|800|||||||&#8220; number_text_color=&#8220;#D8CFA3&#8243; number_font_size=&#8220;60px&#8220; number_line_height=&#8220;90px&#8220; global_colors_info=&#8220;{}&#8220; theme_builder_area=&#8220;post_content&#8220;][\/et_pb_number_counter][\/et_pb_column_inner][\/et_pb_row_inner][et_pb_row_inner column_structure=&#8220;1_3,1_3,1_3&#8243; use_custom_gutter=&#8220;on&#8220; custom_padding_last_edited=&#8220;on|tablet&#8220; module_class=&#8220;tablet-three-cols&#8220; _builder_version=&#8220;4.16&#8243; _module_preset=&#8220;default&#8220; width_tablet=&#8220;100%&#8220; width_phone=&#8220;100%&#8220; width_last_edited=&#8220;on|tablet&#8220; custom_padding_tablet=&#8220;0px||||false|false&#8220; custom_padding_phone=&#8220;0px||||false|false&#8220; hover_enabled=&#8220;0&#8243; global_colors_info=&#8220;{}&#8220; theme_builder_area=&#8220;post_content&#8220; sticky_enabled=&#8220;0&#8243;][et_pb_column_inner type=&#8220;1_3&#8243; saved_specialty_column_type=&#8220;2_3&#8243; _builder_version=&#8220;4.16&#8243; _module_preset=&#8220;default&#8220; global_colors_info=&#8220;{}&#8220; theme_builder_area=&#8220;post_content&#8220;][et_pb_number_counter title=&#8220;Speditionen&#8220; number=&#8220;14800&#8243; percent_sign=&#8220;off&#8220; _builder_version=&#8220;4.16&#8243; _module_preset=&#8220;default&#8220; title_font=&#8220;Work Sans|800|||||||&#8220; title_text_color=&#8220;#000000&#8243; number_font=&#8220;Work Sans|800|||||||&#8220; number_text_color=&#8220;#D8CFA3&#8243; number_font_size=&#8220;60px&#8220; number_line_height=&#8220;90px&#8220; global_colors_info=&#8220;{}&#8220; theme_builder_area=&#8220;post_content&#8220;][\/et_pb_number_counter][\/et_pb_column_inner][et_pb_column_inner type=&#8220;1_3&#8243; saved_specialty_column_type=&#8220;2_3&#8243; _builder_version=&#8220;4.16&#8243; _module_preset=&#8220;default&#8220; global_colors_info=&#8220;{}&#8220; theme_builder_area=&#8220;post_content&#8220;][et_pb_number_counter title=&#8220;km Schienen&#8220; number=&#8220;38400&#8243; percent_sign=&#8220;off&#8220; _builder_version=&#8220;4.16&#8243; _module_preset=&#8220;default&#8220; title_font=&#8220;Work Sans|800|||||||&#8220; title_text_color=&#8220;#000000&#8243; number_font=&#8220;Work Sans|800|||||||&#8220; number_text_color=&#8220;#D8CFA3&#8243; number_font_size=&#8220;60px&#8220; number_line_height=&#8220;90px&#8220; global_colors_info=&#8220;{}&#8220; theme_builder_area=&#8220;post_content&#8220;][\/et_pb_number_counter][\/et_pb_column_inner][et_pb_column_inner type=&#8220;1_3&#8243; saved_specialty_column_type=&#8220;2_3&#8243; _builder_version=&#8220;4.16&#8243; _module_preset=&#8220;default&#8220; global_colors_info=&#8220;{}&#8220; theme_builder_area=&#8220;post_content&#8220;][et_pb_number_counter title=&#8220;km Autobahnen&#8220; number=&#8220;13027&#8243; percent_sign=&#8220;off&#8220; _builder_version=&#8220;4.16&#8243; _module_preset=&#8220;default&#8220; title_font=&#8220;Work Sans|800|||||||&#8220; title_text_color=&#8220;#000000&#8243; number_font=&#8220;Work Sans|800|||||||&#8220; number_text_color=&#8220;#D8CFA3&#8243; number_font_size=&#8220;60px&#8220; number_line_height=&#8220;90px&#8220; global_colors_info=&#8220;{}&#8220; theme_builder_area=&#8220;post_content&#8220;][\/et_pb_number_counter][\/et_pb_column_inner][\/et_pb_row_inner][\/et_pb_column][\/et_pb_section]<\/p>\n","protected":false},"excerpt":{"rendered":"<p>\u00dcber die Logistics Alliance GermanyDie Logistics Alliance Germany ist ein Zusammenschluss der deutschen Logistikbranche. Ziel der Allianz ist es, im Ausland f\u00fcr den Logistikstandort Deutschland zu werben und \u00fcber das Leistungsverm\u00f6gen der deutschen Logistikwirtschaft zu informieren.Die zentrale Lage in Europa, eine hervorragende Infrastruktur, kompetente Logistikdienstleister und jede Menge logistisches Know-how machen Deutschland zu einem attraktiven [&hellip;]<\/p>\n","protected":false},"author":2,"featured_media":0,"parent":0,"menu_order":0,"comment_status":"closed","ping_status":"closed","template":"","meta":{"_acf_changed":false,"_et_pb_use_builder":"on","_et_pb_old_content":"","_et_gb_content_width":"","footnotes":""},"class_list":["post-1264","page","type-page","status-publish","hentry"],"acf":[],"_links":{"self":[{"href":"https:\/\/info.logistics-alliance-germany.de\/de\/wp-json\/wp\/v2\/pages\/1264","targetHints":{"allow":["GET"]}}],"collection":[{"href":"https:\/\/info.logistics-alliance-germany.de\/de\/wp-json\/wp\/v2\/pages"}],"about":[{"href":"https:\/\/info.logistics-alliance-germany.de\/de\/wp-json\/wp\/v2\/types\/page"}],"author":[{"embeddable":true,"href":"https:\/\/info.logistics-alliance-germany.de\/de\/wp-json\/wp\/v2\/users\/2"}],"replies":[{"embeddable":true,"href":"https:\/\/info.logistics-alliance-germany.de\/de\/wp-json\/wp\/v2\/comments?post=1264"}],"version-history":[{"count":42,"href":"https:\/\/info.logistics-alliance-germany.de\/de\/wp-json\/wp\/v2\/pages\/1264\/revisions"}],"predecessor-version":[{"id":2961,"href":"https:\/\/info.logistics-alliance-germany.de\/de\/wp-json\/wp\/v2\/pages\/1264\/revisions\/2961"}],"wp:attachment":[{"href":"https:\/\/info.logistics-alliance-germany.de\/de\/wp-json\/wp\/v2\/media?parent=1264"}],"curies":[{"name":"wp","href":"https:\/\/api.w.org\/{rel}","templated":true}]}}